{"id":4669,"date":"2024-06-05T15:41:38","date_gmt":"2024-06-05T13:41:38","guid":{"rendered":"https:\/\/www.ptc.cz\/whistleblowing-ochrana-oznamovatelu\/"},"modified":"2024-06-21T13:40:37","modified_gmt":"2024-06-21T11:40:37","slug":"whistleblowing-zastita-zvizdaca","status":"publish","type":"page","link":"https:\/\/www.ptc.cz\/hr\/whistleblowing-zastita-zvizdaca\/","title":{"rendered":"Whistleblowing &#8211; za\u0161tita zvi\u017eda\u010da"},"content":{"rendered":"<div>\n<div>\n<p><strong>Informace pro oznamovatele protipr\u00e1vn\u00edho jedn\u00e1n\u00ed\u00a0ozn\u00e1men\u00e9ho prost\u0159ednictv\u00edm vnit\u0159n\u00edho oznamovac\u00edho syst\u00e9mu\u00a0spole\u010dnosti Proton Therapy Center Czech s.r.o.<\/strong><\/p>\n<h2>\u00davodn\u00ed informace<\/h2>\n<p>Spole\u010dnost Proton Therapy Center Czech s.r.o. vede vnit\u0159n\u00ed oznamovac\u00ed syst\u00e9m a&nbsp;zaji\u0161\u0165uje ochranu oznamovatel\u016f na&nbsp;z\u00e1klad\u011b pr\u00e1vn\u00edch povinnost\u00ed ulo\u017een\u00fdch spole\u010dnosti jako tzv.\u00a0povinn\u00e9mu subjektu podle z\u00e1kona o&nbsp;ochran\u011b oznamovatel\u016f (d\u00e1le tak\u00e9 jen \u201eZOCH\u201c).<\/p>\n<p>K\u00a0zaji\u0161t\u011bn\u00ed pln\u011bn\u00ed povinnost\u00ed podle z\u00e1kona o&nbsp;ochran\u011b oznamovatel\u016f byla spole\u010dnost\u00ed vyd\u00e1na z\u00e1vazn\u00e1 intern\u00ed sm\u011brnice o&nbsp;vnit\u0159n\u00edm oznamovac\u00edm syst\u00e9mu a&nbsp;ochran\u011b oznamovatel\u016f (d\u00e1le tak\u00e9 jen \u201eintern\u00ed sm\u011brnice\u201c).<\/p>\n<p>Prost\u0159ednictv\u00edm vnit\u0159n\u00edho oznamovac\u00edho syst\u00e9mu spole\u010dnosti lze p\u0159i spln\u011bn\u00ed stanoven\u00fdch podm\u00ednek podat k\u00a0tomu opr\u00e1vn\u011bnou fyzickou osobou (d\u00e1le tak\u00e9 jen \u201eoznamovatel\u201c) ozn\u00e1men\u00ed o&nbsp;protipr\u00e1vn\u00edm jedn\u00e1n\u00ed, o&nbsp;kter\u00e9m se oznamovatel dozv\u011bd\u011bl v\u00a0souvislosti s\u00a0vykon\u00e1vanou prac\u00ed nebo jinou obdobnou \u010dinnost\u00ed pro spole\u010dnost (d\u00e1le tak\u00e9 jen \u201eozn\u00e1men\u00ed\u201c).<\/p>\n<h2>Jak\u00e1 ozn\u00e1men\u00ed o&nbsp;protipr\u00e1vn\u00edm jedn\u00e1n\u00ed lze podat<\/h2>\n<p>Prost\u0159ednictv\u00edm vnit\u0159n\u00edho oznamovac\u00edho syst\u00e9mu lze pod\u00e1vat ozn\u00e1men\u00ed o&nbsp;mo\u017en\u00e9m protipr\u00e1vn\u00edm jedn\u00e1n\u00ed, kter\u00e9:<\/p>\n<ul>\n<li>m\u00e1 znaky trestn\u00e9ho \u010dinu,<\/li>\n<li>m\u00e1 znaky p\u0159estupku, za kter\u00fd z\u00e1kon stanov\u00ed sazbu pokuty, jej\u00ed\u017e horn\u00ed hranice je alespo\u0148 100.000 K\u010d,<\/li>\n<li>poru\u0161uje z\u00e1kon o&nbsp;ochran\u011b oznamovatel\u016f,<\/li>\n<li>poru\u0161uje jin\u00fd pr\u00e1vn\u00ed p\u0159edpis nebo p\u0159edpis Evropsk\u00e9 Unie v\u00a0oblastech definovan\u00fdch v\u00a0z\u00e1kon\u011b o&nbsp;ochran\u011b oznamovatel\u016f.<\/li>\n<\/ul>\n<h2>Kdo m\u016f\u017ee ozn\u00e1men\u00ed o&nbsp;protipr\u00e1vn\u00edm jedn\u00e1n\u00ed podat<\/h2>\n<p>Prost\u0159ednictv\u00edm vnit\u0159n\u00edho oznamovac\u00edho syst\u00e9mu mohou pod\u00e1vat ozn\u00e1men\u00ed n\u00e1sleduj\u00edc\u00ed osoby:<\/p>\n<ul>\n<li>osoby v\u00a0pracovn\u00edm pom\u011bru,<\/li>\n<li>osoby vykon\u00e1vaj\u00edc\u00ed pr\u00e1ci na&nbsp;z\u00e1klad\u011b dohody o&nbsp;pr\u00e1ci konan\u00e9 mimo pracovn\u00ed pom\u011br,<\/li>\n<li>dobrovoln\u00edci,<\/li>\n<li>osoby na&nbsp;odborn\u00e9 st\u00e1\u017ei \u010di na&nbsp;odborn\u00e9 praxi.<\/li>\n<\/ul>\n<p>Spole\u010dnost v\u00a0souladu s\u00a0ust. \u00a7 9 odst. 2 p\u00edsm. b) bodem 3 z\u00e1kona o&nbsp;ochran\u011b oznamovatel\u016f vylu\u010duje p\u0159\u00edj\u00edm\u00e1n\u00ed ozn\u00e1men\u00ed od osoby, kter\u00e1 pro spole\u010dnost nevykon\u00e1v\u00e1 pr\u00e1ci nebo jinou obdobnou \u010dinnost podle \u00a7 2 odst. 3 p\u00edsm. a, b), h) nebo i) z\u00e1kona o&nbsp;ochran\u011b oznamovatel\u016f.<\/p>\n<p>Z\u00e1konem o&nbsp;ochran\u011b oznamovatel\u016f ani touto intern\u00ed sm\u011brnic\u00ed nen\u00ed dot\u010dena z\u00e1konn\u00e1 povinnost ozn\u00e1mit p\u0159\u00edmo org\u00e1n\u016fm \u010dinn\u00fdm v\u00a0trestn\u00edm \u0159\u00edzen\u00ed ty sp\u00e1chan\u00e9 trestn\u00e9 \u010diny, kter\u00e9 jsou taxativn\u011b uvedeny v\u00a0ustanoven\u00ed \u00a7\u00a0368 TZ a&nbsp;spadaj\u00ed pod&nbsp;tzv.\u00a0oznamovac\u00ed povinnost (nap\u0159. vra\u017eda, t\u011b\u017ek\u00e9 ubl\u00ed\u017een\u00ed na&nbsp;zdrav\u00ed aj.).<\/p>\n<h2>Obsah ozn\u00e1men\u00ed<\/h2>\n<p>Ozn\u00e1men\u00ed by m\u011blo obsahovat jm\u00e9no, p\u0159\u00edjmen\u00ed, datum narozen\u00ed nebo jin\u00e9 \u00fadaje, z\u00a0nich\u017e je mo\u017en\u00e9 dovodit toto\u017enost oznamovatele.<\/p>\n<p>K\u00a0efektivn\u00edmu pro\u0161et\u0159en\u00ed ozn\u00e1men\u00ed je pot\u0159eba uv\u00e9st minim\u00e1ln\u011b n\u00e1sleduj\u00edc\u00ed informace:<\/p>\n<ul>\n<li>identifikovat osoby podez\u0159el\u00e9 ze sp\u00e1ch\u00e1n\u00ed protipr\u00e1vn\u00edho jedn\u00e1n\u00ed<\/li>\n<li>popis protipr\u00e1vn\u00edho jedn\u00e1n\u00ed<\/li>\n<li>d\u016fkazy o&nbsp;protipr\u00e1vn\u00edm jedn\u00e1n\u00ed a&nbsp;dal\u0161\u00ed podp\u016frn\u00e9 poznatky<\/li>\n<\/ul>\n<h2>Mo\u017en\u00e9 zp\u016fsoby pod\u00e1n\u00ed ozn\u00e1men\u00ed o&nbsp;protipr\u00e1vn\u00edm jedn\u00e1n\u00ed<\/h2>\n<p>Ozn\u00e1men\u00ed o&nbsp;protipr\u00e1vn\u00edm jedn\u00e1n\u00ed lze prost\u0159ednictv\u00edm vnit\u0159n\u00edho oznamovac\u00edho syst\u00e9mu u&nbsp;spole\u010dnosti podat v\u00a0souladu s\u00a0po\u017eadavky z\u00e1kona o&nbsp;ochran\u011b oznamovatel\u016f n\u00e1sleduj\u00edc\u00edmi zp\u016fsoby:<\/p>\n<ul>\n<li>Elektronicky \u2013 na&nbsp;mailovou adresu whistleblowing@ptc.cz<\/li>\n<li>P\u00edsemn\u011b \u2013 po\u0161tou na&nbsp;adresu s\u00eddla spole\u010dnosti, takovou z\u00e1silku je t\u0159eba ozna\u010dit n\u00e1pisem \u201eD\u016fv\u011brn\u00e9, pouze k\u00a0ruk\u00e1m p\u0159\u00edslu\u0161n\u00e9 osoby\u201c \u010di jin\u00fdm obdobn\u00fdm textem,<\/li>\n<li>\u00dastn\u011b \u2013 telefonicky na&nbsp;tel. \u010d\u00edsle +420&nbsp;222\u00a0998&nbsp;926<\/li>\n<li>\u00dastn\u011b \u2013 osobn\u011b na&nbsp;setk\u00e1n\u00ed s\u00a0P\u0159\u00edslu\u0161nou osobou, pokud o&nbsp;to oznamovatel po\u017e\u00e1d\u00e1 e-mailem na&nbsp;adrese uveden\u00e9 v\u00fd\u0161e. P\u0159\u00edslu\u0161n\u00e1 osoba je povinna p\u0159ijmout ozn\u00e1men\u00ed nejpozd\u011bji do 14 dn\u016f od takov\u00e9 \u017e\u00e1dosti.<\/li>\n<\/ul>\n<p>Opakovan\u011b podan\u00e9 ozn\u00e1men\u00ed od t\u00e9ho\u017e oznamovatele a&nbsp;v\u00a0t\u00e9\u017ee v\u011bci nen\u00ed p\u0159\u00edpustn\u00e9 a&nbsp;nebude znovu pro\u0161et\u0159ov\u00e1no s\u00a0t\u00edm, \u017ee oznamovatel o&nbsp;tom bude vyrozum\u011bn s\u00a0p\u0159\u00edslu\u0161n\u00fdm kr\u00e1tk\u00fdm od\u016fvodn\u011bn\u00edm. To neplat\u00ed v\u00a0p\u0159\u00edpad\u011b, \u017ee by toto dal\u0161\u00ed ozn\u00e1men\u00ed obsahovalo oproti d\u0159\u00edve podan\u00e9mu ozn\u00e1men\u00ed nov\u00e9 informace a&nbsp;skute\u010dnosti.<\/p>\n<h2>Kdo je p\u0159\u00edslu\u0161nou osobou k\u00a0p\u0159ij\u00edm\u00e1n\u00ed a&nbsp;vy\u0159izov\u00e1n\u00ed ozn\u00e1men\u00ed<\/h2>\n<p>K\u00a0p\u0159ijet\u00ed ozn\u00e1men\u00ed, k&nbsp;posuzov\u00e1n\u00ed jeho d\u016fvodnosti a&nbsp;k\u00a0dal\u0161\u00edmu souvisej\u00edc\u00edmu postupu v\u00a0r\u00e1mci vnit\u0159n\u00edho oznamovac\u00edho syst\u00e9mu je opr\u00e1vn\u011bna v\u00fdhradn\u011b p\u0159\u00edslu\u0161n\u00e1 osoba.<\/p>\n<p><strong>P\u0159\u00edslu\u0161nou osobou u&nbsp;spole\u010dnosti je:<\/strong><\/p>\n<p>Ing. Karolina La\u0161tovkov\u00e1<\/p>\n<p>E-mailov\u00e1 adresa: <a href=\"mailto:whistleblowing@ptc.cz\">whistleblowing@ptc.cz<\/a><\/p>\n<p>Tel.: +420&nbsp;222\u00a0998&nbsp;926<\/p>\n<p>V\u00a0r\u00e1mci p\u0159ij\u00edm\u00e1n\u00ed a&nbsp;posuzov\u00e1n\u00ed d\u016fvodnosti ozn\u00e1men\u00ed postupuje p\u0159\u00edslu\u0161n\u00e1 osoba v\u017edy samostatn\u011b, nez\u00e1visle a&nbsp;nestrann\u011b s\u00a0t\u00edm, \u017ee je opr\u00e1vn\u011bna vy\u017eadovat od v\u0161ech organiza\u010dn\u00edch \u00fasek\u016f a&nbsp;v\u0161ech zam\u011bstnanc\u016f spole\u010dnosti pot\u0159ebn\u00e9 informace a&nbsp;podklady, jako\u017e i&nbsp;jin\u00e9 formy sou\u010dinnosti.<\/p>\n<p>P\u0159\u00edslu\u0161n\u00e1 osoba p\u0159itom zajist\u00ed, aby se osloven\u00ed zam\u011bstnanci nemohli sezn\u00e1mit s\u00a0obsahem ozn\u00e1men\u00ed a&nbsp;aby nevy\u0161la najevo \u017e\u00e1dn\u00e1 skute\u010dnost, kter\u00e1 by mohla identifikovat osobu oznamovatele.<\/p>\n<h2>Lh\u016fty k\u00a0vyrozum\u011bn\u00ed oznamovatele a&nbsp;k\u00a0posouzen\u00ed d\u016fvodnosti ozn\u00e1men\u00ed<\/h2>\n<p>P\u0159\u00edslu\u0161n\u00e1 osoba za\u0161le oznamovateli vyrozum\u011bn\u00ed o&nbsp;p\u0159ijet\u00ed ozn\u00e1men\u00ed nejpozd\u011bji do sedmi (7) dn\u016f ode dne pod\u00e1n\u00ed ozn\u00e1men\u00ed.<\/p>\n<p>To neplat\u00ed pouze v\u00a0p\u0159\u00edpad\u011b, kdy:<\/p>\n<ul>\n<li>oznamovatel v\u00fdslovn\u011b po\u017e\u00e1d\u00e1 p\u0159\u00edslu\u0161nou osobu, aby ho o&nbsp;p\u0159ijet\u00ed ozn\u00e1men\u00ed nevyrozum\u00edvala, nebo<\/li>\n<li>je z\u0159ejm\u00e9, \u017ee by vyrozum\u011bn\u00edm o&nbsp;p\u0159ijet\u00ed ozn\u00e1men\u00ed do\u0161lo k\u00a0prozrazen\u00ed toto\u017enosti oznamovatele jin\u00e9 osob\u011b.<\/li>\n<\/ul>\n<p>P\u0159\u00edslu\u0161n\u00e1 osoba je povinna posoudit d\u016fvodnost ozn\u00e1men\u00ed a&nbsp;p\u00edsemn\u011b vyrozum\u011bt oznamovatele o&nbsp;v\u00fdsledc\u00edch posouzen\u00ed do t\u0159iceti (30) dn\u016f ode dne p\u0159ijet\u00ed ozn\u00e1men\u00ed.<\/p>\n<p>V&nbsp;p\u0159\u00edpadech skutkov\u011b nebo pr\u00e1vn\u011b slo\u017eit\u00fdch lze tuto lh\u016ftu prodlou\u017eit a\u017e o&nbsp;dal\u0161\u00edch t\u0159icet (30) dn\u016f, nejv\u00fd\u0161e v\u0161ak dvakr\u00e1t, tj. maxim\u00e1ln\u00ed d\u00e9lka pro posuzov\u00e1n\u00ed d\u016fvodnosti ozn\u00e1men\u00ed m\u016f\u017ee ve v\u00fdjime\u010dn\u00fdch p\u0159\u00edpadech \u010dinit devades\u00e1t (90) dn\u016f ode dne pod\u00e1n\u00ed ozn\u00e1men\u00ed.<\/p>\n<p>O&nbsp;prodlou\u017een\u00ed lh\u016fty a&nbsp;d\u016fvodech pro jej\u00ed prodlou\u017een\u00ed p\u0159\u00edslu\u0161n\u00e1 osoba v\u017edy oznamovatele p\u00edsemn\u011b vyrozum\u00ed je\u0161t\u011b p\u0159ed jej\u00edm uplynut\u00edm.<\/p>\n<h2>Z\u00e1kaz odvetn\u00fdch opat\u0159en\u00ed v\u016f\u010di oznamovatel\u016fm<\/h2>\n<p>V\u00a0r\u00e1mci veden\u00ed vnit\u0159n\u00edho oznamovac\u00edho syst\u00e9mu, jako\u017e i&nbsp;p\u0159i souvisej\u00edc\u00edch anebo dal\u0161\u00edch \u010dinnostech v\u0161ech zam\u011bstnanc\u016f a\/nebo \u010dlen\u016f org\u00e1n\u016f spole\u010dnosti plat\u00ed p\u0159\u00edsn\u00fd z\u00e1kaz uplat\u0148ov\u00e1n\u00ed jak\u00fdchkoli odvetn\u00fdch opat\u0159en\u00ed v\u016f\u010di oznamovatel\u016fm.<\/p>\n<p>Odvetn\u00fdm opat\u0159en\u00edm se v\u00a0tomto sm\u011bru rozum\u00ed jedn\u00e1n\u00ed nebo jeho opomenut\u00ed v\u00a0souvislosti s\u00a0prac\u00ed nebo jinou obdobnou \u010dinnost\u00ed oznamovatele, kter\u00e9 bylo vyvol\u00e1no pod\u00e1n\u00edm ozn\u00e1men\u00ed a&nbsp;kter\u00e9 oznamovateli m\u016f\u017ee zp\u016fsobit \u00fajmu.<\/p>\n<p>P\u0159i spln\u011bn\u00ed t\u011bchto podm\u00ednek je odvetn\u00fdm opat\u0159en\u00edm nap\u0159. rozv\u00e1z\u00e1n\u00ed pracovn\u00edho pom\u011bru nebo neprodlou\u017een\u00ed pracovn\u00edho pom\u011bru na&nbsp;dobu ur\u010ditou, sn\u00ed\u017een\u00ed mzdy nebo odm\u011bny nebo nep\u0159izn\u00e1n\u00ed osobn\u00edho p\u0159\u00edplatku, p\u0159elo\u017een\u00ed nebo p\u0159eveden\u00ed na&nbsp;jinou pr\u00e1ci, neumo\u017en\u011bn\u00ed odborn\u00e9ho rozvoje, v\u00fdpov\u011b\u010f nebo odstoupen\u00ed od (obchodn\u00ed) smlouvy anebo z\u00e1sah do pr\u00e1va na&nbsp;ochranu osobnosti.<\/p>\n<p>Z\u00e1kaz odvetn\u00fdch opat\u0159en\u00ed se vztahuje i&nbsp;na&nbsp;dal\u0161\u00ed chr\u00e1n\u011bn\u00e9 osoby uveden\u00e9 v&nbsp;\u00a7 4 odst. 2 ZOCH, zejm\u00e9na na&nbsp;osobu, kter\u00e1 poskytla pomoc p\u0159i zji\u0161\u0165ov\u00e1n\u00ed informac\u00ed, kter\u00e9 jsou obsahem ozn\u00e1men\u00ed, na&nbsp;osobu, kter\u00e1 je ve vztahu k\u00a0oznamovateli osobou bl\u00edzkou, anebo na&nbsp;osobu, kter\u00e1 je zam\u011bstnancem nebo kolegou oznamovatele.<\/p>\n<h2>Dal\u0161\u00ed kan\u00e1ly a&nbsp;mo\u017enosti pro pod\u00e1n\u00ed ozn\u00e1men\u00ed o&nbsp;protipr\u00e1vn\u00edm jedn\u00e1n\u00ed<\/h2>\n<p>Ozn\u00e1men\u00ed lze p\u0159i spln\u011bn\u00ed z\u00e1konn\u00fdch podm\u00ednek podat rovn\u011b\u017e prost\u0159ednictv\u00edm extern\u00edho oznamovac\u00edho syst\u00e9mu Ministerstva spravedlnosti a\/nebo p\u0159\u00edmo u&nbsp;p\u0159\u00edslu\u0161n\u00e9ho org\u00e1nu ve\u0159ejn\u00e9 moci, tj.\u00a0u Policie \u010cR, st\u00e1tn\u00edho zastupitelstv\u00ed a\/nebo u&nbsp;v\u011bcn\u011b p\u0159\u00edslu\u0161n\u00fdch org\u00e1n\u016f st\u00e1tn\u00ed spr\u00e1vy dle jejich p\u016fsobnosti (nap\u0159. \u010cesk\u00e1 inspekce \u017eivotn\u00edho prost\u0159ed\u00ed, \u00da\u0159ad pro ochranu osobn\u00edch \u00fadaj\u016f apod.).<\/p>\n<p>V\u00a0tomto p\u0159\u00edpad\u011b ozn\u00e1men\u00ed p\u0159ij\u00edm\u00e1, pro\u0161et\u0159uje a&nbsp;posuzuje Ministerstvo spravedlnosti nebo jin\u00fd p\u0159\u00edslu\u0161n\u00fd org\u00e1n ve\u0159ejn\u00e9 moci.<\/p>\n<h3>Extern\u00ed kan\u00e1l pro oznamov\u00e1n\u00ed protipr\u00e1vn\u00edho jedn\u00e1n\u00ed:<\/h3>\n<p>Ministerstvo spravedlnosti \u010cesk\u00e9 republiky<\/p>\n<p>Vy\u0161ehradsk\u00e1 424\/16<\/p>\n<p>128&nbsp;10 Nov\u00e9 M\u011bsto<\/p>\n<p>Aplikace: <a href=\"https:\/\/oznamovatel.justice.cz\/chci-podat-oznameni\/\">https:\/\/oznamovatel.justice.cz\/chci-podat-oznameni\/<\/a><\/p>\n<p>E-mail: <a href=\"mailto:oznamovatel@msp.justice.cz\">oznamovatel@msp.justice.cz<\/a><\/p>\n<\/div>\n<\/div>\n","protected":false},"excerpt":{"rendered":"<p>Informace pro oznamovatele protipr\u00e1vn\u00edho jedn\u00e1n\u00ed\u00a0ozn\u00e1men\u00e9ho prost\u0159ednictv\u00edm vnit\u0159n\u00edho oznamovac\u00edho syst\u00e9mu\u00a0spole\u010dnosti Proton Therapy Center Czech s.r.o. \u00davodn\u00ed informace Spole\u010dnost Proton Therapy Center Czech s.r.o. vede vnit\u0159n\u00ed oznamovac\u00ed syst\u00e9m a&nbsp;zaji\u0161\u0165uje ochranu oznamovatel\u016f na&nbsp;z\u00e1klad\u011b pr\u00e1vn\u00edch povinnost\u00ed ulo\u017een\u00fdch spole\u010dnosti jako tzv.\u00a0povinn\u00e9mu subjektu podle z\u00e1kona o&nbsp;ochran\u011b oznamovatel\u016f (d\u00e1le tak\u00e9 jen \u201eZOCH\u201c). K\u00a0zaji\u0161t\u011bn\u00ed pln\u011bn\u00ed povinnost\u00ed podle z\u00e1kona o&nbsp;ochran\u011b oznamovatel\u016f byla spole\u010dnost\u00ed vyd\u00e1na&#8230;<\/p>\n","protected":false},"author":9,"featured_media":0,"parent":0,"menu_order":4,"comment_status":"closed","ping_status":"closed","template":"","meta":{"footnotes":""},"class_list":["post-4669","page","type-page","status-publish","hentry"],"acf":[],"aioseo_notices":[],"_links":{"self":[{"href":"https:\/\/www.ptc.cz\/hr\/wp-json\/wp\/v2\/pages\/4669","targetHints":{"allow":["GET"]}}],"collection":[{"href":"https:\/\/www.ptc.cz\/hr\/wp-json\/wp\/v2\/pages"}],"about":[{"href":"https:\/\/www.ptc.cz\/hr\/wp-json\/wp\/v2\/types\/page"}],"author":[{"embeddable":true,"href":"https:\/\/www.ptc.cz\/hr\/wp-json\/wp\/v2\/users\/9"}],"replies":[{"embeddable":true,"href":"https:\/\/www.ptc.cz\/hr\/wp-json\/wp\/v2\/comments?post=4669"}],"version-history":[{"count":1,"href":"https:\/\/www.ptc.cz\/hr\/wp-json\/wp\/v2\/pages\/4669\/revisions"}],"predecessor-version":[{"id":4679,"href":"https:\/\/www.ptc.cz\/hr\/wp-json\/wp\/v2\/pages\/4669\/revisions\/4679"}],"wp:attachment":[{"href":"https:\/\/www.ptc.cz\/hr\/wp-json\/wp\/v2\/media?parent=4669"}],"curies":[{"name":"wp","href":"https:\/\/api.w.org\/{rel}","templated":true}]}}