{"id":4923,"date":"2023-08-17T16:03:13","date_gmt":"2023-08-17T14:03:13","guid":{"rendered":"https:\/\/www.ptc.cz\/sto-lijecimo\/hlava-a-krk\/protonova-lecba-hlavy-a-krku\/"},"modified":"2024-06-21T14:15:20","modified_gmt":"2024-06-21T12:15:20","slug":"protonska-terapija-glave-i-vrata","status":"publish","type":"page","link":"https:\/\/www.ptc.cz\/hr\/sto-lijecimo\/glava-i-vrat\/protonska-terapija-glave-i-vrata\/","title":{"rendered":"Protonska terapija glave i&nbsp;vrata"},"content":{"rendered":"<p><strong>N\u00e1dory v&nbsp;oblasti hlavy a&nbsp;krku nepat\u0159\u00ed k&nbsp;diagn\u00f3z\u00e1m, o&nbsp;kter\u00fdch by se v&nbsp;souvislosti s&nbsp;onkologick\u00fdmi onemocn\u011bn\u00edmi hovo\u0159ilo nej\u010dast\u011bji, p\u0159esto, \u017ee jejich n\u00e1r\u016fst je prudce na&nbsp;vzestupu. Do l\u00e9\u010dby se nav\u00edc v&nbsp;sou\u010dasnosti dost\u00e1vaj\u00ed v\u00fdrazn\u011b mlad\u0161\u00ed pacienti.\u00a0<\/strong><\/p>\n<p><strong>N\u00e1dory hlavy a&nbsp;krku l\u00e9ka\u0159i \u010dasto odhal\u00ed v&nbsp;pokro\u010dil\u00e9m stadiu. Protonov\u00e1 radioterapie v\u0161ak d\u00e1v\u00e1 vysokou \u0161anci na&nbsp;vyl\u00e9\u010den\u00ed. J<\/strong><strong>e v\u00fdjime\u010dn\u00e1 <\/strong>p\u0159edev\u0161\u00edm t\u00edm, \u017ee krom\u011b vynikaj\u00edc\u00edch v\u00fdsledk\u016f prokazateln\u011b sni\u017euje riziko vzniku vedlej\u0161\u00edch \u00fa\u010dink\u016f, kter\u00e9 prov\u00e1z\u00ed jin\u00e9 druhy l\u00e9\u010dby. T\u00edm je nej\u010dast\u011bji vznik polykac\u00edch obt\u00ed\u017e\u00ed. Valn\u00e1 v\u011bt\u0161ina pacient\u016f podstupuj\u00edc\u00edch protonovou l\u00e9\u010dbu je v\u0161ak schopna absolvovat l\u00e9\u010dbu ambulantn\u011b, p\u0159i zachov\u00e1n\u00ed schopnosti polyk\u00e1n\u00ed a&nbsp;bez r\u016fzn\u00fdch invazivn\u00edch z\u00e1krok\u016f.<\/p>\n<div class=\"gdc_row\">\n<div class=\"gdc_column gdc_chalf\">\n<div class=\"gdc_inner\">\n<h3 style=\"text-align: left;\">Protonov\u00e1 terapie se vyu\u017e\u00edv\u00e1 k&nbsp;l\u00e9\u010db\u011b n\u00e1dor\u016f<\/h3>\n<ul style=\"text-align: left;\">\n<li><strong>nosohltanu<\/strong><\/li>\n<li><strong>vedlej\u0161\u00edch dutin nosn\u00edch<\/strong><\/li>\n<li><strong>slinn\u00fdch \u017el\u00e1z<\/strong><\/li>\n<li><strong>kr\u010dn\u00edch mandl\u00ed<\/strong><\/li>\n<li><strong>o\u010dnice<\/strong><\/li>\n<li><strong>st\u0159edou\u0161\u00ed a&nbsp;vnit\u0159n\u00edho ucha<\/strong><\/li>\n<\/ul>\n<\/div>\n<\/div>\n<div class=\"gdc_column gdc_chalf\">\n<div class=\"gdc_inner\">\n<p><iframe loading=\"lazy\" title=\"Protonov\u00e1 l\u00e9\u010dba n\u00e1dor\u016f v oblasti hlavy a krku\" width=\"500\" height=\"281\" src=\"https:\/\/www.youtube.com\/embed\/rnccC5iVVCs?feature=oembed\" frameborder=\"0\" allow=\"accelerometer; autoplay; clipboard-write; encrypted-media; gyroscope; picture-in-picture; web-share\" referrerpolicy=\"strict-origin-when-cross-origin\" allowfullscreen><\/iframe><\/p>\n<\/div>\n<\/div>\n<\/div>\n<p style=\"text-align: left;\"><a  target=\"\"  class=\"button\" href=\"\/kontakt\/\">Kontaktujte n\u00e1s<\/a><\/p>\n","protected":false},"excerpt":{"rendered":"<p>N\u00e1dory v&nbsp;oblasti hlavy a&nbsp;krku nepat\u0159\u00ed k&nbsp;diagn\u00f3z\u00e1m, o&nbsp;kter\u00fdch by se v&nbsp;souvislosti s&nbsp;onkologick\u00fdmi onemocn\u011bn\u00edmi hovo\u0159ilo nej\u010dast\u011bji, p\u0159esto, \u017ee jejich n\u00e1r\u016fst je prudce na&nbsp;vzestupu. Do l\u00e9\u010dby se nav\u00edc v&nbsp;sou\u010dasnosti dost\u00e1vaj\u00ed v\u00fdrazn\u011b mlad\u0161\u00ed pacienti.\u00a0 N\u00e1dory hlavy a&nbsp;krku l\u00e9ka\u0159i \u010dasto odhal\u00ed v&nbsp;pokro\u010dil\u00e9m stadiu. Protonov\u00e1 radioterapie v\u0161ak d\u00e1v\u00e1 vysokou \u0161anci na&nbsp;vyl\u00e9\u010den\u00ed. Je v\u00fdjime\u010dn\u00e1 p\u0159edev\u0161\u00edm t\u00edm, \u017ee krom\u011b vynikaj\u00edc\u00edch v\u00fdsledk\u016f prokazateln\u011b sni\u017euje&#8230;<\/p>\n","protected":false},"author":1,"featured_media":4826,"parent":4921,"menu_order":293,"comment_status":"closed","ping_status":"closed","template":"template-service-detail-with-anchor-sidebar.php","meta":{"footnotes":""},"class_list":["post-4923","page","type-page","status-publish","has-post-thumbnail","hentry"],"acf":[],"aioseo_notices":[],"_links":{"self":[{"href":"https:\/\/www.ptc.cz\/hr\/wp-json\/wp\/v2\/pages\/4923","targetHints":{"allow":["GET"]}}],"collection":[{"href":"https:\/\/www.ptc.cz\/hr\/wp-json\/wp\/v2\/pages"}],"about":[{"href":"https:\/\/www.ptc.cz\/hr\/wp-json\/wp\/v2\/types\/page"}],"author":[{"embeddable":true,"href":"https:\/\/www.ptc.cz\/hr\/wp-json\/wp\/v2\/users\/1"}],"replies":[{"embeddable":true,"href":"https:\/\/www.ptc.cz\/hr\/wp-json\/wp\/v2\/comments?post=4923"}],"version-history":[{"count":2,"href":"https:\/\/www.ptc.cz\/hr\/wp-json\/wp\/v2\/pages\/4923\/revisions"}],"predecessor-version":[{"id":4951,"href":"https:\/\/www.ptc.cz\/hr\/wp-json\/wp\/v2\/pages\/4923\/revisions\/4951"}],"up":[{"embeddable":true,"href":"https:\/\/www.ptc.cz\/hr\/wp-json\/wp\/v2\/pages\/4921"}],"wp:featuredmedia":[{"embeddable":true,"href":"https:\/\/www.ptc.cz\/hr\/wp-json\/wp\/v2\/media\/4826"}],"wp:attachment":[{"href":"https:\/\/www.ptc.cz\/hr\/wp-json\/wp\/v2\/media?parent=4923"}],"curies":[{"name":"wp","href":"https:\/\/api.w.org\/{rel}","templated":true}]}}